{"id":227,"date":"2021-11-01T18:00:10","date_gmt":"2021-11-01T21:00:10","guid":{"rendered":"https:\/\/hotelliberdade.com\/?page_id=227"},"modified":"2022-02-21T00:34:24","modified_gmt":"2022-02-21T03:34:24","slug":"quartos","status":"publish","type":"page","link":"https:\/\/hotelliberdade.com\/?page_id=227","title":{"rendered":"Quartos"},"content":{"rendered":"<div class=\"mphb_sc_rooms-wrapper mphb-room-types \">\t<div class=\"mphb-room-types-wrapper\">\r\n\t\r\n<div class=\"mphb-room-type post-345 mphb_room_type type-mphb_room_type status-publish has-post-thumbnail mphb_room_type_facility-ar-condicionado mphb_room_type_facility-cafe-da-amanha mphb_room_type_facility-estacionamento-incluso mphb_room_type_facility-idiomas-falados-portugues-espanhol-ingles-alemao mphb_room_type_facility-jardim mphb_room_type_facility-servico-de-limpeza-diario mphb_room_type_facility-ventilador-de-teto mphb_room_type_facility-wifi mphb-room-type-adults-3 mphb-room-type-children-1 \">\r\n\r\n                <div class=\"room-images-wrapper\">\r\n            \n\n\t<div class=\"mphb-room-type-images\">\n\t<div id='mphb-flexslider-gallery-1' class='gallery-columns-1 gallery-size-luviana-square mphb-gallery-main-slider mphb-flexslider-gallery-wrapper mphb-room-type-gallery-wrapper mphb-gallery-main-slider-69f5ba9597ce5' data-flexslider-atts='{\"animation\":\"slide\",\"controlNav\":false,\"animationLoop\":true,\"smoothHeight\":true,\"slideshow\":false}' data-group='69f5ba9597ce5'><ul class=\"slides\"><li class='gallery-item'><span class='gallery-icon landscape'>\n\t\t\t\t<a href=\"https:\/\/hotelliberdade.com\/?mphb_room_type=quarto-triplo-com-sacada-08\"><img loading=\"lazy\" decoding=\"async\" width=\"992\" height=\"992\" src=\"https:\/\/hotelliberdade.com\/wp-content\/uploads\/2022\/02\/MRK00272_brillo_y_color_aumentados-992x992.jpg\" class=\"attachment-luviana-square size-luviana-square\" alt=\"\" srcset=\"https:\/\/hotelliberdade.com\/wp-content\/uploads\/2022\/02\/MRK00272_brillo_y_color_aumentados-992x992.jpg 992w, https:\/\/hotelliberdade.com\/wp-content\/uploads\/2022\/02\/MRK00272_brillo_y_color_aumentados-150x150.jpg 150w, https:\/\/hotelliberdade.com\/wp-content\/uploads\/2022\/02\/MRK00272_brillo_y_color_aumentados-300x300.jpg 300w, https:\/\/hotelliberdade.com\/wp-content\/uploads\/2022\/02\/MRK00272_brillo_y_color_aumentados-100x100.jpg 100w\" sizes=\"auto, (max-width: 992px) 100vw, 992px\" \/><\/a>\n\t\t\t<\/span><\/li><li class='gallery-item'><span class='gallery-icon landscape'>\n\t\t\t\t<a href=\"https:\/\/hotelliberdade.com\/?mphb_room_type=quarto-triplo-com-sacada-08\"><img loading=\"lazy\" decoding=\"async\" width=\"992\" height=\"992\" src=\"https:\/\/hotelliberdade.com\/wp-content\/uploads\/2022\/02\/MRK00284-992x992.jpg\" class=\"attachment-luviana-square size-luviana-square\" alt=\"\" srcset=\"https:\/\/hotelliberdade.com\/wp-content\/uploads\/2022\/02\/MRK00284-992x992.jpg 992w, https:\/\/hotelliberdade.com\/wp-content\/uploads\/2022\/02\/MRK00284-150x150.jpg 150w, https:\/\/hotelliberdade.com\/wp-content\/uploads\/2022\/02\/MRK00284-300x300.jpg 300w, https:\/\/hotelliberdade.com\/wp-content\/uploads\/2022\/02\/MRK00284-100x100.jpg 100w\" sizes=\"auto, (max-width: 992px) 100vw, 992px\" \/><\/a>\n\t\t\t<\/span><\/li><li class='gallery-item'><span class='gallery-icon landscape'>\n\t\t\t\t<a href=\"https:\/\/hotelliberdade.com\/?mphb_room_type=quarto-triplo-com-sacada-08\"><img loading=\"lazy\" decoding=\"async\" width=\"992\" height=\"992\" src=\"https:\/\/hotelliberdade.com\/wp-content\/uploads\/2022\/02\/MRK00408-992x992.jpg\" class=\"attachment-luviana-square size-luviana-square\" alt=\"\" srcset=\"https:\/\/hotelliberdade.com\/wp-content\/uploads\/2022\/02\/MRK00408-992x992.jpg 992w, https:\/\/hotelliberdade.com\/wp-content\/uploads\/2022\/02\/MRK00408-150x150.jpg 150w, https:\/\/hotelliberdade.com\/wp-content\/uploads\/2022\/02\/MRK00408-300x300.jpg 300w, https:\/\/hotelliberdade.com\/wp-content\/uploads\/2022\/02\/MRK00408-100x100.jpg 100w\" sizes=\"auto, (max-width: 992px) 100vw, 992px\" \/><\/a>\n\t\t\t<\/span><\/li><\/ul>\n\t\t<\/div>\n\n\t<\/div>\n        <\/div>\r\n                <div class=\"room-description-wrapper\">\r\n            <div class=\"room-description-inner-wrapper\">\r\n                                    <div class=\"room-details\">\r\n                        \n<h2 class=\"mphb-room-type-title entry-title\">\n\n<a class=\"mphb-room-type-title\" href=\"https:\/\/hotelliberdade.com\/?mphb_room_type=quarto-triplo-com-sacada-08\">Quarto triplo com sacada &#8211; 08<\/a>\n\n<\/h2>\n\n<p>Quarto triplo com sacada &#8211; 08<\/p>\n\n\n<h3 class=\"mphb-room-type-details-title\">Detalhes<\/h3><ul class=\"mphb-loop-room-type-attributes\">\n    <li class=\"mphb-room-type-total-capacity\"><span class=\"mphb-attribute-title mphb-total-capacity-title\">Convidados:<\/span><span class=\"mphb-attribute-value\">\n    3\n    <\/span><\/li>\n\n\n\n\n\t<li class=\"mphb-room-type-view\"><span class=\"mphb-attribute-title mphb-view-title\">Visualizar:<\/span><span class=\"mphb-attribute-value\">\n\tJardim\n\t<\/span><\/li>\n\n\n\n\n\t<li class=\"mphb-room-type-bed-type\"><span  class=\"mphb-attribute-title mphb-bed-type-title\">Tipo de Cama:<\/span><span class=\"mphb-attribute-value\">\n\tQUEEN + SINGLE\n\t<\/span><\/li>\n\n\n\n\t<li class=\"mphb-room-type-facilities\"><span class=\"mphb-attribute-title mphb-facilities-title\">Comodidades:<\/span><span class=\"mphb-attribute-value\"> <span class=\"facility-ar-condicionado\"><a href=\"https:\/\/hotelliberdade.com\/?mphb_room_type_facility=ar-condicionado\">Ar-condicionado<\/a><\/span>, <span class=\"facility-cafe-da-amanha\"><a href=\"https:\/\/hotelliberdade.com\/?mphb_room_type_facility=cafe-da-amanha\">Caf\u00e9 da manh\u00e3 incluso<\/a><\/span>, <span class=\"facility-estacionamento-incluso\"><a href=\"https:\/\/hotelliberdade.com\/?mphb_room_type_facility=estacionamento-incluso\">Estacionamento incluso<\/a><\/span>, <span class=\"facility-idiomas-falados-portugues-espanhol-ingles-alemao\"><a href=\"https:\/\/hotelliberdade.com\/?mphb_room_type_facility=idiomas-falados-portugues-espanhol-ingles-alemao\">Idiomas: Portugu\u00eas Espanhol Ingl\u00eas Alem\u00e3o<\/a><\/span>, <span class=\"facility-jardim\"><a href=\"https:\/\/hotelliberdade.com\/?mphb_room_type_facility=jardim\">Jardim<\/a><\/span>, <span class=\"facility-servico-de-limpeza-diario\"><a href=\"https:\/\/hotelliberdade.com\/?mphb_room_type_facility=servico-de-limpeza-diario\">Servi\u00e7o de limpeza di\u00e1rio<\/a><\/span>, <span class=\"facility-ventilador-de-teto\"><a href=\"https:\/\/hotelliberdade.com\/?mphb_room_type_facility=ventilador-de-teto\">Ventilador de teto<\/a><\/span>, <span class=\"facility-wifi\"><a href=\"https:\/\/hotelliberdade.com\/?mphb_room_type_facility=wifi\">Wifi de alta velocidade<\/a><\/span><\/span><\/li>\n\n<\/ul>                    <\/div>\r\n                                    <div class=\"room-booking-details\">\r\n                        \n\n<div class=\"mphb-to-book-btn-wrapper\">\n<form action=\"https:\/\/hotelliberdade.com\/?mphb_room_type=quarto-triplo-com-sacada-08#booking-form-345\" method=\"get\" ><input type=\"hidden\" name=\"mphb_room_type\" value=\"quarto-triplo-com-sacada-08\" \/><button type=\"submit\" class=\"button mphb-book-button\" >Reservar<\/button><\/form>\n<br\/><\/div>\n<p class=\"mphb-view-details-button-wrapper\">\n<a class=\"button mphb-view-details-button\" href=\"https:\/\/hotelliberdade.com\/?mphb_room_type=quarto-triplo-com-sacada-08\" >Ver Detalhes<\/a>\n<\/p>                    <\/div>\r\n                            <\/div>\r\n        <\/div>\r\n    \r\n    \r\n<\/div>\r\n\r\n\r\n<div class=\"mphb-room-type post-343 mphb_room_type type-mphb_room_type status-publish has-post-thumbnail mphb_room_type_facility-ar-condicionado mphb_room_type_facility-cafe-da-amanha mphb_room_type_facility-estacionamento-incluso mphb_room_type_facility-idiomas-falados-portugues-espanhol-ingles-alemao mphb_room_type_facility-jardim mphb_room_type_facility-servico-de-limpeza-diario mphb_room_type_facility-ventilador-de-teto mphb_room_type_facility-wifi mphb-room-type-adults-3 mphb-room-type-children-1 \">\r\n\r\n                <div class=\"room-images-wrapper\">\r\n            \n\n\t<div class=\"mphb-room-type-images\">\n\t<div id='mphb-flexslider-gallery-2' class='gallery-columns-1 gallery-size-luviana-square mphb-gallery-main-slider mphb-flexslider-gallery-wrapper mphb-room-type-gallery-wrapper mphb-gallery-main-slider-69f5ba959abce' data-flexslider-atts='{\"animation\":\"slide\",\"controlNav\":false,\"animationLoop\":true,\"smoothHeight\":true,\"slideshow\":false}' data-group='69f5ba959abce'><ul class=\"slides\"><li class='gallery-item'><span class='gallery-icon landscape'>\n\t\t\t\t<a href=\"https:\/\/hotelliberdade.com\/?mphb_room_type=quarto-triplo-com-sacada-07\"><img loading=\"lazy\" decoding=\"async\" width=\"992\" height=\"992\" src=\"https:\/\/hotelliberdade.com\/wp-content\/uploads\/2022\/02\/MRK00305_blended_manual_01-992x992.jpg\" class=\"attachment-luviana-square size-luviana-square\" alt=\"\" srcset=\"https:\/\/hotelliberdade.com\/wp-content\/uploads\/2022\/02\/MRK00305_blended_manual_01-992x992.jpg 992w, https:\/\/hotelliberdade.com\/wp-content\/uploads\/2022\/02\/MRK00305_blended_manual_01-150x150.jpg 150w, https:\/\/hotelliberdade.com\/wp-content\/uploads\/2022\/02\/MRK00305_blended_manual_01-300x300.jpg 300w, https:\/\/hotelliberdade.com\/wp-content\/uploads\/2022\/02\/MRK00305_blended_manual_01-100x100.jpg 100w\" sizes=\"auto, (max-width: 992px) 100vw, 992px\" \/><\/a>\n\t\t\t<\/span><\/li><li class='gallery-item'><span class='gallery-icon landscape'>\n\t\t\t\t<a href=\"https:\/\/hotelliberdade.com\/?mphb_room_type=quarto-triplo-com-sacada-07\"><img loading=\"lazy\" decoding=\"async\" width=\"992\" height=\"992\" src=\"https:\/\/hotelliberdade.com\/wp-content\/uploads\/2022\/12\/MRK00331_blended_manual_01-992x992.jpg\" class=\"attachment-luviana-square size-luviana-square\" alt=\"\" srcset=\"https:\/\/hotelliberdade.com\/wp-content\/uploads\/2022\/12\/MRK00331_blended_manual_01-992x992.jpg 992w, https:\/\/hotelliberdade.com\/wp-content\/uploads\/2022\/12\/MRK00331_blended_manual_01-150x150.jpg 150w, https:\/\/hotelliberdade.com\/wp-content\/uploads\/2022\/12\/MRK00331_blended_manual_01-300x300.jpg 300w, https:\/\/hotelliberdade.com\/wp-content\/uploads\/2022\/12\/MRK00331_blended_manual_01-100x100.jpg 100w\" sizes=\"auto, (max-width: 992px) 100vw, 992px\" \/><\/a>\n\t\t\t<\/span><\/li><li class='gallery-item'><span class='gallery-icon landscape'>\n\t\t\t\t<a href=\"https:\/\/hotelliberdade.com\/?mphb_room_type=quarto-triplo-com-sacada-07\"><img loading=\"lazy\" decoding=\"async\" width=\"992\" height=\"992\" src=\"https:\/\/hotelliberdade.com\/wp-content\/uploads\/2022\/02\/MRK00368-992x992.jpg\" class=\"attachment-luviana-square size-luviana-square\" alt=\"\" srcset=\"https:\/\/hotelliberdade.com\/wp-content\/uploads\/2022\/02\/MRK00368-992x992.jpg 992w, https:\/\/hotelliberdade.com\/wp-content\/uploads\/2022\/02\/MRK00368-150x150.jpg 150w, https:\/\/hotelliberdade.com\/wp-content\/uploads\/2022\/02\/MRK00368-300x300.jpg 300w, https:\/\/hotelliberdade.com\/wp-content\/uploads\/2022\/02\/MRK00368-100x100.jpg 100w\" sizes=\"auto, (max-width: 992px) 100vw, 992px\" \/><\/a>\n\t\t\t<\/span><\/li><li class='gallery-item'><span class='gallery-icon landscape'>\n\t\t\t\t<a href=\"https:\/\/hotelliberdade.com\/?mphb_room_type=quarto-triplo-com-sacada-07\"><img loading=\"lazy\" decoding=\"async\" width=\"992\" height=\"992\" src=\"https:\/\/hotelliberdade.com\/wp-content\/uploads\/2022\/02\/MRK00375-992x992.jpg\" class=\"attachment-luviana-square size-luviana-square\" alt=\"\" srcset=\"https:\/\/hotelliberdade.com\/wp-content\/uploads\/2022\/02\/MRK00375-992x992.jpg 992w, https:\/\/hotelliberdade.com\/wp-content\/uploads\/2022\/02\/MRK00375-150x150.jpg 150w, https:\/\/hotelliberdade.com\/wp-content\/uploads\/2022\/02\/MRK00375-300x300.jpg 300w, https:\/\/hotelliberdade.com\/wp-content\/uploads\/2022\/02\/MRK00375-100x100.jpg 100w\" sizes=\"auto, (max-width: 992px) 100vw, 992px\" \/><\/a>\n\t\t\t<\/span><\/li><\/ul>\n\t\t<\/div>\n\n\t<\/div>\n        <\/div>\r\n                <div class=\"room-description-wrapper\">\r\n            <div class=\"room-description-inner-wrapper\">\r\n                                    <div class=\"room-details\">\r\n                        \n<h2 class=\"mphb-room-type-title entry-title\">\n\n<a class=\"mphb-room-type-title\" href=\"https:\/\/hotelliberdade.com\/?mphb_room_type=quarto-triplo-com-sacada-07\">Quarto triplo com sacada &#8211; 07<\/a>\n\n<\/h2>\n\n<p>RESUMEN Quarto triplo com sacada &#8211; 07<\/p>\n\n\n<h3 class=\"mphb-room-type-details-title\">Detalhes<\/h3><ul class=\"mphb-loop-room-type-attributes\">\n    <li class=\"mphb-room-type-total-capacity\"><span class=\"mphb-attribute-title mphb-total-capacity-title\">Convidados:<\/span><span class=\"mphb-attribute-value\">\n    3\n    <\/span><\/li>\n\n\n\n\n\t<li class=\"mphb-room-type-view\"><span class=\"mphb-attribute-title mphb-view-title\">Visualizar:<\/span><span class=\"mphb-attribute-value\">\n\tJardim\n\t<\/span><\/li>\n\n\n\n\n\t<li class=\"mphb-room-type-bed-type\"><span  class=\"mphb-attribute-title mphb-bed-type-title\">Tipo de Cama:<\/span><span class=\"mphb-attribute-value\">\n\tQUEEN + SINGLE\n\t<\/span><\/li>\n\n\n\n\t<li class=\"mphb-room-type-facilities\"><span class=\"mphb-attribute-title mphb-facilities-title\">Comodidades:<\/span><span class=\"mphb-attribute-value\"> <span class=\"facility-ar-condicionado\"><a href=\"https:\/\/hotelliberdade.com\/?mphb_room_type_facility=ar-condicionado\">Ar-condicionado<\/a><\/span>, <span class=\"facility-cafe-da-amanha\"><a href=\"https:\/\/hotelliberdade.com\/?mphb_room_type_facility=cafe-da-amanha\">Caf\u00e9 da manh\u00e3 incluso<\/a><\/span>, <span class=\"facility-estacionamento-incluso\"><a href=\"https:\/\/hotelliberdade.com\/?mphb_room_type_facility=estacionamento-incluso\">Estacionamento incluso<\/a><\/span>, <span class=\"facility-idiomas-falados-portugues-espanhol-ingles-alemao\"><a href=\"https:\/\/hotelliberdade.com\/?mphb_room_type_facility=idiomas-falados-portugues-espanhol-ingles-alemao\">Idiomas: Portugu\u00eas Espanhol Ingl\u00eas Alem\u00e3o<\/a><\/span>, <span class=\"facility-jardim\"><a href=\"https:\/\/hotelliberdade.com\/?mphb_room_type_facility=jardim\">Jardim<\/a><\/span>, <span class=\"facility-servico-de-limpeza-diario\"><a href=\"https:\/\/hotelliberdade.com\/?mphb_room_type_facility=servico-de-limpeza-diario\">Servi\u00e7o de limpeza di\u00e1rio<\/a><\/span>, <span class=\"facility-ventilador-de-teto\"><a href=\"https:\/\/hotelliberdade.com\/?mphb_room_type_facility=ventilador-de-teto\">Ventilador de teto<\/a><\/span>, <span class=\"facility-wifi\"><a href=\"https:\/\/hotelliberdade.com\/?mphb_room_type_facility=wifi\">Wifi de alta velocidade<\/a><\/span><\/span><\/li>\n\n<\/ul>                    <\/div>\r\n                                    <div class=\"room-booking-details\">\r\n                        \n\n<div class=\"mphb-to-book-btn-wrapper\">\n<form action=\"https:\/\/hotelliberdade.com\/?mphb_room_type=quarto-triplo-com-sacada-07#booking-form-343\" method=\"get\" ><input type=\"hidden\" name=\"mphb_room_type\" value=\"quarto-triplo-com-sacada-07\" \/><button type=\"submit\" class=\"button mphb-book-button\" >Reservar<\/button><\/form>\n<br\/><\/div>\n<p class=\"mphb-view-details-button-wrapper\">\n<a class=\"button mphb-view-details-button\" href=\"https:\/\/hotelliberdade.com\/?mphb_room_type=quarto-triplo-com-sacada-07\" >Ver Detalhes<\/a>\n<\/p>                    <\/div>\r\n                            <\/div>\r\n        <\/div>\r\n    \r\n    \r\n<\/div>\r\n\r\n\r\n<div class=\"mphb-room-type post-341 mphb_room_type type-mphb_room_type status-publish has-post-thumbnail mphb_room_type_facility-ar-condicionado mphb_room_type_facility-cafe-da-amanha mphb_room_type_facility-estacionamento-incluso mphb_room_type_facility-idiomas-falados-portugues-espanhol-ingles-alemao mphb_room_type_facility-jardim mphb_room_type_facility-servico-de-limpeza-diario mphb_room_type_facility-ventilador-de-teto mphb_room_type_facility-wifi mphb-room-type-adults-2 mphb-room-type-children-0 \">\r\n\r\n                <div class=\"room-images-wrapper\">\r\n            \n\n\t<div class=\"mphb-room-type-images\">\n\t<div id='mphb-flexslider-gallery-3' class='gallery-columns-1 gallery-size-luviana-square mphb-gallery-main-slider mphb-flexslider-gallery-wrapper mphb-room-type-gallery-wrapper mphb-gallery-main-slider-69f5ba959cb76' data-flexslider-atts='{\"animation\":\"slide\",\"controlNav\":false,\"animationLoop\":true,\"smoothHeight\":true,\"slideshow\":false}' data-group='69f5ba959cb76'><ul class=\"slides\"><li class='gallery-item'><span class='gallery-icon landscape'>\n\t\t\t\t<a href=\"https:\/\/hotelliberdade.com\/?mphb_room_type=quarto-duplo-com-sacada-06\"><img loading=\"lazy\" decoding=\"async\" width=\"992\" height=\"992\" src=\"https:\/\/hotelliberdade.com\/wp-content\/uploads\/2022\/02\/MRK00195_blended_manual_01-992x992.jpg\" class=\"attachment-luviana-square size-luviana-square\" alt=\"\" srcset=\"https:\/\/hotelliberdade.com\/wp-content\/uploads\/2022\/02\/MRK00195_blended_manual_01-992x992.jpg 992w, https:\/\/hotelliberdade.com\/wp-content\/uploads\/2022\/02\/MRK00195_blended_manual_01-150x150.jpg 150w, https:\/\/hotelliberdade.com\/wp-content\/uploads\/2022\/02\/MRK00195_blended_manual_01-300x300.jpg 300w, https:\/\/hotelliberdade.com\/wp-content\/uploads\/2022\/02\/MRK00195_blended_manual_01-100x100.jpg 100w\" sizes=\"auto, (max-width: 992px) 100vw, 992px\" \/><\/a>\n\t\t\t<\/span><\/li><li class='gallery-item'><span class='gallery-icon landscape'>\n\t\t\t\t<a href=\"https:\/\/hotelliberdade.com\/?mphb_room_type=quarto-duplo-com-sacada-06\"><img loading=\"lazy\" decoding=\"async\" width=\"992\" height=\"992\" src=\"https:\/\/hotelliberdade.com\/wp-content\/uploads\/2022\/02\/MRK00208_blended_manual_03-992x992.jpg\" class=\"attachment-luviana-square size-luviana-square\" alt=\"\" srcset=\"https:\/\/hotelliberdade.com\/wp-content\/uploads\/2022\/02\/MRK00208_blended_manual_03-992x992.jpg 992w, https:\/\/hotelliberdade.com\/wp-content\/uploads\/2022\/02\/MRK00208_blended_manual_03-150x150.jpg 150w, https:\/\/hotelliberdade.com\/wp-content\/uploads\/2022\/02\/MRK00208_blended_manual_03-300x300.jpg 300w, https:\/\/hotelliberdade.com\/wp-content\/uploads\/2022\/02\/MRK00208_blended_manual_03-100x100.jpg 100w\" sizes=\"auto, (max-width: 992px) 100vw, 992px\" \/><\/a>\n\t\t\t<\/span><\/li><li class='gallery-item'><span class='gallery-icon landscape'>\n\t\t\t\t<a href=\"https:\/\/hotelliberdade.com\/?mphb_room_type=quarto-duplo-com-sacada-06\"><img loading=\"lazy\" decoding=\"async\" width=\"992\" height=\"992\" src=\"https:\/\/hotelliberdade.com\/wp-content\/uploads\/2022\/02\/MRK00240_CORREGIDA-992x992.jpg\" class=\"attachment-luviana-square size-luviana-square\" alt=\"\" srcset=\"https:\/\/hotelliberdade.com\/wp-content\/uploads\/2022\/02\/MRK00240_CORREGIDA-992x992.jpg 992w, https:\/\/hotelliberdade.com\/wp-content\/uploads\/2022\/02\/MRK00240_CORREGIDA-150x150.jpg 150w, https:\/\/hotelliberdade.com\/wp-content\/uploads\/2022\/02\/MRK00240_CORREGIDA-300x300.jpg 300w, https:\/\/hotelliberdade.com\/wp-content\/uploads\/2022\/02\/MRK00240_CORREGIDA-100x100.jpg 100w\" sizes=\"auto, (max-width: 992px) 100vw, 992px\" \/><\/a>\n\t\t\t<\/span><\/li><\/ul>\n\t\t<\/div>\n\n\t<\/div>\n        <\/div>\r\n                <div class=\"room-description-wrapper\">\r\n            <div class=\"room-description-inner-wrapper\">\r\n                                    <div class=\"room-details\">\r\n                        \n<h2 class=\"mphb-room-type-title entry-title\">\n\n<a class=\"mphb-room-type-title\" href=\"https:\/\/hotelliberdade.com\/?mphb_room_type=quarto-duplo-com-sacada-06\">Quarto duplo com sacada &#8211; 06<\/a>\n\n<\/h2>\n\n<p>RESUMEN Quarto duplo com sacada &#8211; 06<\/p>\n\n\n<h3 class=\"mphb-room-type-details-title\">Detalhes<\/h3><ul class=\"mphb-loop-room-type-attributes\">\n    <li class=\"mphb-room-type-total-capacity\"><span class=\"mphb-attribute-title mphb-total-capacity-title\">Convidados:<\/span><span class=\"mphb-attribute-value\">\n    2\n    <\/span><\/li>\n\n\n\n\n\t<li class=\"mphb-room-type-view\"><span class=\"mphb-attribute-title mphb-view-title\">Visualizar:<\/span><span class=\"mphb-attribute-value\">\n\tJardim\n\t<\/span><\/li>\n\n\n\n\n\t<li class=\"mphb-room-type-bed-type\"><span  class=\"mphb-attribute-title mphb-bed-type-title\">Tipo de Cama:<\/span><span class=\"mphb-attribute-value\">\n\tQUEEN\n\t<\/span><\/li>\n\n\n\n\t<li class=\"mphb-room-type-facilities\"><span class=\"mphb-attribute-title mphb-facilities-title\">Comodidades:<\/span><span class=\"mphb-attribute-value\"> <span class=\"facility-ar-condicionado\"><a href=\"https:\/\/hotelliberdade.com\/?mphb_room_type_facility=ar-condicionado\">Ar-condicionado<\/a><\/span>, <span class=\"facility-cafe-da-amanha\"><a href=\"https:\/\/hotelliberdade.com\/?mphb_room_type_facility=cafe-da-amanha\">Caf\u00e9 da manh\u00e3 incluso<\/a><\/span>, <span class=\"facility-estacionamento-incluso\"><a href=\"https:\/\/hotelliberdade.com\/?mphb_room_type_facility=estacionamento-incluso\">Estacionamento incluso<\/a><\/span>, <span class=\"facility-idiomas-falados-portugues-espanhol-ingles-alemao\"><a href=\"https:\/\/hotelliberdade.com\/?mphb_room_type_facility=idiomas-falados-portugues-espanhol-ingles-alemao\">Idiomas: Portugu\u00eas Espanhol Ingl\u00eas Alem\u00e3o<\/a><\/span>, <span class=\"facility-jardim\"><a href=\"https:\/\/hotelliberdade.com\/?mphb_room_type_facility=jardim\">Jardim<\/a><\/span>, <span class=\"facility-servico-de-limpeza-diario\"><a href=\"https:\/\/hotelliberdade.com\/?mphb_room_type_facility=servico-de-limpeza-diario\">Servi\u00e7o de limpeza di\u00e1rio<\/a><\/span>, <span class=\"facility-ventilador-de-teto\"><a href=\"https:\/\/hotelliberdade.com\/?mphb_room_type_facility=ventilador-de-teto\">Ventilador de teto<\/a><\/span>, <span class=\"facility-wifi\"><a href=\"https:\/\/hotelliberdade.com\/?mphb_room_type_facility=wifi\">Wifi de alta velocidade<\/a><\/span><\/span><\/li>\n\n<\/ul>                    <\/div>\r\n                                    <div class=\"room-booking-details\">\r\n                        \n\n<div class=\"mphb-to-book-btn-wrapper\">\n<form action=\"https:\/\/hotelliberdade.com\/?mphb_room_type=quarto-duplo-com-sacada-06#booking-form-341\" method=\"get\" ><input type=\"hidden\" name=\"mphb_room_type\" value=\"quarto-duplo-com-sacada-06\" \/><button type=\"submit\" class=\"button mphb-book-button\" >Reservar<\/button><\/form>\n<br\/><\/div>\n<p class=\"mphb-view-details-button-wrapper\">\n<a class=\"button mphb-view-details-button\" href=\"https:\/\/hotelliberdade.com\/?mphb_room_type=quarto-duplo-com-sacada-06\" >Ver Detalhes<\/a>\n<\/p>                    <\/div>\r\n                            <\/div>\r\n        <\/div>\r\n    \r\n    \r\n<\/div>\r\n\r\n\r\n<div class=\"mphb-room-type post-339 mphb_room_type type-mphb_room_type status-publish has-post-thumbnail mphb_room_type_facility-ar-condicionado mphb_room_type_facility-cafe-da-amanha mphb_room_type_facility-estacionamento-incluso mphb_room_type_facility-idiomas-falados-portugues-espanhol-ingles-alemao mphb_room_type_facility-jardim mphb_room_type_facility-servico-de-limpeza-diario mphb_room_type_facility-ventilador-de-teto mphb_room_type_facility-wifi mphb-room-type-adults-3 mphb-room-type-children-1 \">\r\n\r\n                <div class=\"room-images-wrapper\">\r\n            \n\n\t<div class=\"mphb-room-type-images\">\n\t<div id='mphb-flexslider-gallery-4' class='gallery-columns-1 gallery-size-luviana-square mphb-gallery-main-slider mphb-flexslider-gallery-wrapper mphb-room-type-gallery-wrapper mphb-gallery-main-slider-69f5ba959e4f5' data-flexslider-atts='{\"animation\":\"slide\",\"controlNav\":false,\"animationLoop\":true,\"smoothHeight\":true,\"slideshow\":false}' data-group='69f5ba959e4f5'><ul class=\"slides\"><li class='gallery-item'><span class='gallery-icon landscape'>\n\t\t\t\t<a href=\"https:\/\/hotelliberdade.com\/?mphb_room_type=quarto-triplo-com-sacada-05\"><img loading=\"lazy\" decoding=\"async\" width=\"992\" height=\"992\" src=\"https:\/\/hotelliberdade.com\/wp-content\/uploads\/2022\/02\/MRK00409_blended_manual_01-992x992.jpg\" class=\"attachment-luviana-square size-luviana-square\" alt=\"\" srcset=\"https:\/\/hotelliberdade.com\/wp-content\/uploads\/2022\/02\/MRK00409_blended_manual_01-992x992.jpg 992w, https:\/\/hotelliberdade.com\/wp-content\/uploads\/2022\/02\/MRK00409_blended_manual_01-150x150.jpg 150w, https:\/\/hotelliberdade.com\/wp-content\/uploads\/2022\/02\/MRK00409_blended_manual_01-300x300.jpg 300w, https:\/\/hotelliberdade.com\/wp-content\/uploads\/2022\/02\/MRK00409_blended_manual_01-100x100.jpg 100w\" sizes=\"auto, (max-width: 992px) 100vw, 992px\" \/><\/a>\n\t\t\t<\/span><\/li><li class='gallery-item'><span class='gallery-icon landscape'>\n\t\t\t\t<a href=\"https:\/\/hotelliberdade.com\/?mphb_room_type=quarto-triplo-com-sacada-05\"><img loading=\"lazy\" decoding=\"async\" width=\"992\" height=\"992\" src=\"https:\/\/hotelliberdade.com\/wp-content\/uploads\/2022\/02\/MRK00422_blended_manual_01-992x992.jpg\" class=\"attachment-luviana-square size-luviana-square\" alt=\"\" srcset=\"https:\/\/hotelliberdade.com\/wp-content\/uploads\/2022\/02\/MRK00422_blended_manual_01-992x992.jpg 992w, https:\/\/hotelliberdade.com\/wp-content\/uploads\/2022\/02\/MRK00422_blended_manual_01-150x150.jpg 150w, https:\/\/hotelliberdade.com\/wp-content\/uploads\/2022\/02\/MRK00422_blended_manual_01-300x300.jpg 300w, https:\/\/hotelliberdade.com\/wp-content\/uploads\/2022\/02\/MRK00422_blended_manual_01-100x100.jpg 100w\" sizes=\"auto, (max-width: 992px) 100vw, 992px\" \/><\/a>\n\t\t\t<\/span><\/li><li class='gallery-item'><span class='gallery-icon landscape'>\n\t\t\t\t<a href=\"https:\/\/hotelliberdade.com\/?mphb_room_type=quarto-triplo-com-sacada-05\"><img loading=\"lazy\" decoding=\"async\" width=\"992\" height=\"992\" src=\"https:\/\/hotelliberdade.com\/wp-content\/uploads\/2022\/02\/MRK00443-992x992.jpg\" class=\"attachment-luviana-square size-luviana-square\" alt=\"\" srcset=\"https:\/\/hotelliberdade.com\/wp-content\/uploads\/2022\/02\/MRK00443-992x992.jpg 992w, https:\/\/hotelliberdade.com\/wp-content\/uploads\/2022\/02\/MRK00443-150x150.jpg 150w, https:\/\/hotelliberdade.com\/wp-content\/uploads\/2022\/02\/MRK00443-300x300.jpg 300w, https:\/\/hotelliberdade.com\/wp-content\/uploads\/2022\/02\/MRK00443-100x100.jpg 100w\" sizes=\"auto, (max-width: 992px) 100vw, 992px\" \/><\/a>\n\t\t\t<\/span><\/li><\/ul>\n\t\t<\/div>\n\n\t<\/div>\n        <\/div>\r\n                <div class=\"room-description-wrapper\">\r\n            <div class=\"room-description-inner-wrapper\">\r\n                                    <div class=\"room-details\">\r\n                        \n<h2 class=\"mphb-room-type-title entry-title\">\n\n<a class=\"mphb-room-type-title\" href=\"https:\/\/hotelliberdade.com\/?mphb_room_type=quarto-triplo-com-sacada-05\">Quarto triplo com sacada &#8211; 05<\/a>\n\n<\/h2>\n\n<p>Esta es la RESUMEN de la hermosa habitaci\u00f3n &#8220;Quarto triplo com sacada &#8211; 05&#8221;<\/p>\n\n\n<h3 class=\"mphb-room-type-details-title\">Detalhes<\/h3><ul class=\"mphb-loop-room-type-attributes\">\n    <li class=\"mphb-room-type-total-capacity\"><span class=\"mphb-attribute-title mphb-total-capacity-title\">Convidados:<\/span><span class=\"mphb-attribute-value\">\n    3\n    <\/span><\/li>\n\n\n\n\n\t<li class=\"mphb-room-type-view\"><span class=\"mphb-attribute-title mphb-view-title\">Visualizar:<\/span><span class=\"mphb-attribute-value\">\n\tJardim\n\t<\/span><\/li>\n\n\n\n\n\t<li class=\"mphb-room-type-bed-type\"><span  class=\"mphb-attribute-title mphb-bed-type-title\">Tipo de Cama:<\/span><span class=\"mphb-attribute-value\">\n\tQUEEN + SINGLE\n\t<\/span><\/li>\n\n\n\n\t<li class=\"mphb-room-type-facilities\"><span class=\"mphb-attribute-title mphb-facilities-title\">Comodidades:<\/span><span class=\"mphb-attribute-value\"> <span class=\"facility-ar-condicionado\"><a href=\"https:\/\/hotelliberdade.com\/?mphb_room_type_facility=ar-condicionado\">Ar-condicionado<\/a><\/span>, <span class=\"facility-cafe-da-amanha\"><a href=\"https:\/\/hotelliberdade.com\/?mphb_room_type_facility=cafe-da-amanha\">Caf\u00e9 da manh\u00e3 incluso<\/a><\/span>, <span class=\"facility-estacionamento-incluso\"><a href=\"https:\/\/hotelliberdade.com\/?mphb_room_type_facility=estacionamento-incluso\">Estacionamento incluso<\/a><\/span>, <span class=\"facility-idiomas-falados-portugues-espanhol-ingles-alemao\"><a href=\"https:\/\/hotelliberdade.com\/?mphb_room_type_facility=idiomas-falados-portugues-espanhol-ingles-alemao\">Idiomas: Portugu\u00eas Espanhol Ingl\u00eas Alem\u00e3o<\/a><\/span>, <span class=\"facility-jardim\"><a href=\"https:\/\/hotelliberdade.com\/?mphb_room_type_facility=jardim\">Jardim<\/a><\/span>, <span class=\"facility-servico-de-limpeza-diario\"><a href=\"https:\/\/hotelliberdade.com\/?mphb_room_type_facility=servico-de-limpeza-diario\">Servi\u00e7o de limpeza di\u00e1rio<\/a><\/span>, <span class=\"facility-ventilador-de-teto\"><a href=\"https:\/\/hotelliberdade.com\/?mphb_room_type_facility=ventilador-de-teto\">Ventilador de teto<\/a><\/span>, <span class=\"facility-wifi\"><a href=\"https:\/\/hotelliberdade.com\/?mphb_room_type_facility=wifi\">Wifi de alta velocidade<\/a><\/span><\/span><\/li>\n\n<\/ul>                    <\/div>\r\n                                    <div class=\"room-booking-details\">\r\n                        \n\n<div class=\"mphb-to-book-btn-wrapper\">\n<form action=\"https:\/\/hotelliberdade.com\/?mphb_room_type=quarto-triplo-com-sacada-05#booking-form-339\" method=\"get\" ><input type=\"hidden\" name=\"mphb_room_type\" value=\"quarto-triplo-com-sacada-05\" \/><button type=\"submit\" class=\"button mphb-book-button\" >Reservar<\/button><\/form>\n<br\/><\/div>\n<p class=\"mphb-view-details-button-wrapper\">\n<a class=\"button mphb-view-details-button\" href=\"https:\/\/hotelliberdade.com\/?mphb_room_type=quarto-triplo-com-sacada-05\" >Ver Detalhes<\/a>\n<\/p>                    <\/div>\r\n                            <\/div>\r\n        <\/div>\r\n    \r\n    \r\n<\/div>\r\n\r\n\r\n<div class=\"mphb-room-type post-337 mphb_room_type type-mphb_room_type status-publish has-post-thumbnail mphb_room_type_facility-ar-condicionado mphb_room_type_facility-cafe-da-amanha mphb_room_type_facility-estacionamento-incluso mphb_room_type_facility-idiomas-falados-portugues-espanhol-ingles-alemao mphb_room_type_facility-jardim mphb_room_type_facility-servico-de-limpeza-diario mphb_room_type_facility-ventilador-de-teto mphb_room_type_facility-wifi mphb-room-type-adults-3 mphb-room-type-children-1 \">\r\n\r\n                <div class=\"room-images-wrapper\">\r\n            \n\n\t<div class=\"mphb-room-type-images\">\n\t<div id='mphb-flexslider-gallery-5' class='gallery-columns-1 gallery-size-luviana-square mphb-gallery-main-slider mphb-flexslider-gallery-wrapper mphb-room-type-gallery-wrapper mphb-gallery-main-slider-69f5ba959fe74' data-flexslider-atts='{\"animation\":\"slide\",\"controlNav\":false,\"animationLoop\":true,\"smoothHeight\":true,\"slideshow\":false}' data-group='69f5ba959fe74'><ul class=\"slides\"><li class='gallery-item'><span class='gallery-icon landscape'>\n\t\t\t\t<a href=\"https:\/\/hotelliberdade.com\/?mphb_room_type=quarto-triplo-com-sacada-04\"><img loading=\"lazy\" decoding=\"async\" width=\"992\" height=\"992\" src=\"https:\/\/hotelliberdade.com\/wp-content\/uploads\/2022\/02\/MRK00651-992x992.jpg\" class=\"attachment-luviana-square size-luviana-square\" alt=\"\" srcset=\"https:\/\/hotelliberdade.com\/wp-content\/uploads\/2022\/02\/MRK00651-992x992.jpg 992w, https:\/\/hotelliberdade.com\/wp-content\/uploads\/2022\/02\/MRK00651-150x150.jpg 150w, https:\/\/hotelliberdade.com\/wp-content\/uploads\/2022\/02\/MRK00651-300x300.jpg 300w, https:\/\/hotelliberdade.com\/wp-content\/uploads\/2022\/02\/MRK00651-100x100.jpg 100w\" sizes=\"auto, (max-width: 992px) 100vw, 992px\" \/><\/a>\n\t\t\t<\/span><\/li><li class='gallery-item'><span class='gallery-icon landscape'>\n\t\t\t\t<a href=\"https:\/\/hotelliberdade.com\/?mphb_room_type=quarto-triplo-com-sacada-04\"><img loading=\"lazy\" decoding=\"async\" width=\"992\" height=\"992\" src=\"https:\/\/hotelliberdade.com\/wp-content\/uploads\/2022\/02\/MRK00664-992x992.jpg\" class=\"attachment-luviana-square size-luviana-square\" alt=\"\" srcset=\"https:\/\/hotelliberdade.com\/wp-content\/uploads\/2022\/02\/MRK00664-992x992.jpg 992w, https:\/\/hotelliberdade.com\/wp-content\/uploads\/2022\/02\/MRK00664-150x150.jpg 150w, https:\/\/hotelliberdade.com\/wp-content\/uploads\/2022\/02\/MRK00664-300x300.jpg 300w, https:\/\/hotelliberdade.com\/wp-content\/uploads\/2022\/02\/MRK00664-100x100.jpg 100w\" sizes=\"auto, (max-width: 992px) 100vw, 992px\" \/><\/a>\n\t\t\t<\/span><\/li><li class='gallery-item'><span class='gallery-icon landscape'>\n\t\t\t\t<a href=\"https:\/\/hotelliberdade.com\/?mphb_room_type=quarto-triplo-com-sacada-04\"><img loading=\"lazy\" decoding=\"async\" width=\"992\" height=\"992\" src=\"https:\/\/hotelliberdade.com\/wp-content\/uploads\/2022\/02\/MRK00670-992x992.jpg\" class=\"attachment-luviana-square size-luviana-square\" alt=\"\" srcset=\"https:\/\/hotelliberdade.com\/wp-content\/uploads\/2022\/02\/MRK00670-992x992.jpg 992w, https:\/\/hotelliberdade.com\/wp-content\/uploads\/2022\/02\/MRK00670-150x150.jpg 150w, https:\/\/hotelliberdade.com\/wp-content\/uploads\/2022\/02\/MRK00670-300x300.jpg 300w, https:\/\/hotelliberdade.com\/wp-content\/uploads\/2022\/02\/MRK00670-100x100.jpg 100w\" sizes=\"auto, (max-width: 992px) 100vw, 992px\" \/><\/a>\n\t\t\t<\/span><\/li><\/ul>\n\t\t<\/div>\n\n\t<\/div>\n        <\/div>\r\n                <div class=\"room-description-wrapper\">\r\n            <div class=\"room-description-inner-wrapper\">\r\n                                    <div class=\"room-details\">\r\n                        \n<h2 class=\"mphb-room-type-title entry-title\">\n\n<a class=\"mphb-room-type-title\" href=\"https:\/\/hotelliberdade.com\/?mphb_room_type=quarto-triplo-com-sacada-04\">Quarto triplo com sacada &#8211; 04<\/a>\n\n<\/h2>\n\n<p>Esta es RESUMEN de la hermosa habitaci\u00f3n &#8220;Quarto triplo com sacada &#8211; 04&#8221;<\/p>\n\n\n<h3 class=\"mphb-room-type-details-title\">Detalhes<\/h3><ul class=\"mphb-loop-room-type-attributes\">\n    <li class=\"mphb-room-type-total-capacity\"><span class=\"mphb-attribute-title mphb-total-capacity-title\">Convidados:<\/span><span class=\"mphb-attribute-value\">\n    3\n    <\/span><\/li>\n\n\n\n\n\t<li class=\"mphb-room-type-view\"><span class=\"mphb-attribute-title mphb-view-title\">Visualizar:<\/span><span class=\"mphb-attribute-value\">\n\tJardim\n\t<\/span><\/li>\n\n\n\n\n\t<li class=\"mphb-room-type-bed-type\"><span  class=\"mphb-attribute-title mphb-bed-type-title\">Tipo de Cama:<\/span><span class=\"mphb-attribute-value\">\n\tQUEEN + SINGLE\n\t<\/span><\/li>\n\n\n\n\t<li class=\"mphb-room-type-facilities\"><span class=\"mphb-attribute-title mphb-facilities-title\">Comodidades:<\/span><span class=\"mphb-attribute-value\"> <span class=\"facility-ar-condicionado\"><a href=\"https:\/\/hotelliberdade.com\/?mphb_room_type_facility=ar-condicionado\">Ar-condicionado<\/a><\/span>, <span class=\"facility-cafe-da-amanha\"><a href=\"https:\/\/hotelliberdade.com\/?mphb_room_type_facility=cafe-da-amanha\">Caf\u00e9 da manh\u00e3 incluso<\/a><\/span>, <span class=\"facility-estacionamento-incluso\"><a href=\"https:\/\/hotelliberdade.com\/?mphb_room_type_facility=estacionamento-incluso\">Estacionamento incluso<\/a><\/span>, <span class=\"facility-idiomas-falados-portugues-espanhol-ingles-alemao\"><a href=\"https:\/\/hotelliberdade.com\/?mphb_room_type_facility=idiomas-falados-portugues-espanhol-ingles-alemao\">Idiomas: Portugu\u00eas Espanhol Ingl\u00eas Alem\u00e3o<\/a><\/span>, <span class=\"facility-jardim\"><a href=\"https:\/\/hotelliberdade.com\/?mphb_room_type_facility=jardim\">Jardim<\/a><\/span>, <span class=\"facility-servico-de-limpeza-diario\"><a href=\"https:\/\/hotelliberdade.com\/?mphb_room_type_facility=servico-de-limpeza-diario\">Servi\u00e7o de limpeza di\u00e1rio<\/a><\/span>, <span class=\"facility-ventilador-de-teto\"><a href=\"https:\/\/hotelliberdade.com\/?mphb_room_type_facility=ventilador-de-teto\">Ventilador de teto<\/a><\/span>, <span class=\"facility-wifi\"><a href=\"https:\/\/hotelliberdade.com\/?mphb_room_type_facility=wifi\">Wifi de alta velocidade<\/a><\/span><\/span><\/li>\n\n<\/ul>                    <\/div>\r\n                                    <div class=\"room-booking-details\">\r\n                        \n\n<div class=\"mphb-to-book-btn-wrapper\">\n<form action=\"https:\/\/hotelliberdade.com\/?mphb_room_type=quarto-triplo-com-sacada-04#booking-form-337\" method=\"get\" ><input type=\"hidden\" name=\"mphb_room_type\" value=\"quarto-triplo-com-sacada-04\" \/><button type=\"submit\" class=\"button mphb-book-button\" >Reservar<\/button><\/form>\n<br\/><\/div>\n<p class=\"mphb-view-details-button-wrapper\">\n<a class=\"button mphb-view-details-button\" href=\"https:\/\/hotelliberdade.com\/?mphb_room_type=quarto-triplo-com-sacada-04\" >Ver Detalhes<\/a>\n<\/p>                    <\/div>\r\n                            <\/div>\r\n        <\/div>\r\n    \r\n    \r\n<\/div>\r\n\r\n\r\n<div class=\"mphb-room-type post-334 mphb_room_type type-mphb_room_type status-publish has-post-thumbnail mphb_room_type_facility-ar-condicionado mphb_room_type_facility-cafe-da-amanha mphb_room_type_facility-estacionamento-incluso mphb_room_type_facility-idiomas-falados-portugues-espanhol-ingles-alemao mphb_room_type_facility-jardim mphb_room_type_facility-servico-de-limpeza-diario mphb_room_type_facility-ventilador-de-teto mphb_room_type_facility-wifi mphb-room-type-adults-3 mphb-room-type-children-1 \">\r\n\r\n                <div class=\"room-images-wrapper\">\r\n            \n\n\t<div class=\"mphb-room-type-images\">\n\t<div id='mphb-flexslider-gallery-6' class='gallery-columns-1 gallery-size-luviana-square mphb-gallery-main-slider mphb-flexslider-gallery-wrapper mphb-room-type-gallery-wrapper mphb-gallery-main-slider-69f5ba95a177d' data-flexslider-atts='{\"animation\":\"slide\",\"controlNav\":false,\"animationLoop\":true,\"smoothHeight\":true,\"slideshow\":false}' data-group='69f5ba95a177d'><ul class=\"slides\"><li class='gallery-item'><span class='gallery-icon landscape'>\n\t\t\t\t<a href=\"https:\/\/hotelliberdade.com\/?mphb_room_type=quarto-triplo-com-sacada-03\"><img loading=\"lazy\" decoding=\"async\" width=\"992\" height=\"992\" src=\"https:\/\/hotelliberdade.com\/wp-content\/uploads\/2022\/02\/MRK00470_blended_manual_01-992x992.jpg\" class=\"attachment-luviana-square size-luviana-square\" alt=\"\" srcset=\"https:\/\/hotelliberdade.com\/wp-content\/uploads\/2022\/02\/MRK00470_blended_manual_01-992x992.jpg 992w, https:\/\/hotelliberdade.com\/wp-content\/uploads\/2022\/02\/MRK00470_blended_manual_01-150x150.jpg 150w, https:\/\/hotelliberdade.com\/wp-content\/uploads\/2022\/02\/MRK00470_blended_manual_01-300x300.jpg 300w, https:\/\/hotelliberdade.com\/wp-content\/uploads\/2022\/02\/MRK00470_blended_manual_01-100x100.jpg 100w\" sizes=\"auto, (max-width: 992px) 100vw, 992px\" \/><\/a>\n\t\t\t<\/span><\/li><li class='gallery-item'><span class='gallery-icon landscape'>\n\t\t\t\t<a href=\"https:\/\/hotelliberdade.com\/?mphb_room_type=quarto-triplo-com-sacada-03\"><img loading=\"lazy\" decoding=\"async\" width=\"992\" height=\"992\" src=\"https:\/\/hotelliberdade.com\/wp-content\/uploads\/2022\/02\/MRK00492-992x992.jpg\" class=\"attachment-luviana-square size-luviana-square\" alt=\"\" srcset=\"https:\/\/hotelliberdade.com\/wp-content\/uploads\/2022\/02\/MRK00492-992x992.jpg 992w, https:\/\/hotelliberdade.com\/wp-content\/uploads\/2022\/02\/MRK00492-150x150.jpg 150w, https:\/\/hotelliberdade.com\/wp-content\/uploads\/2022\/02\/MRK00492-300x300.jpg 300w, https:\/\/hotelliberdade.com\/wp-content\/uploads\/2022\/02\/MRK00492-100x100.jpg 100w\" sizes=\"auto, (max-width: 992px) 100vw, 992px\" \/><\/a>\n\t\t\t<\/span><\/li><li class='gallery-item'><span class='gallery-icon landscape'>\n\t\t\t\t<a href=\"https:\/\/hotelliberdade.com\/?mphb_room_type=quarto-triplo-com-sacada-03\"><img loading=\"lazy\" decoding=\"async\" width=\"992\" height=\"992\" src=\"https:\/\/hotelliberdade.com\/wp-content\/uploads\/2022\/02\/MRK00508-992x992.jpg\" class=\"attachment-luviana-square size-luviana-square\" alt=\"\" srcset=\"https:\/\/hotelliberdade.com\/wp-content\/uploads\/2022\/02\/MRK00508-992x992.jpg 992w, https:\/\/hotelliberdade.com\/wp-content\/uploads\/2022\/02\/MRK00508-150x150.jpg 150w, https:\/\/hotelliberdade.com\/wp-content\/uploads\/2022\/02\/MRK00508-300x300.jpg 300w, https:\/\/hotelliberdade.com\/wp-content\/uploads\/2022\/02\/MRK00508-100x100.jpg 100w\" sizes=\"auto, (max-width: 992px) 100vw, 992px\" \/><\/a>\n\t\t\t<\/span><\/li><\/ul>\n\t\t<\/div>\n\n\t<\/div>\n        <\/div>\r\n                <div class=\"room-description-wrapper\">\r\n            <div class=\"room-description-inner-wrapper\">\r\n                                    <div class=\"room-details\">\r\n                        \n<h2 class=\"mphb-room-type-title entry-title\">\n\n<a class=\"mphb-room-type-title\" href=\"https:\/\/hotelliberdade.com\/?mphb_room_type=quarto-triplo-com-sacada-03\">Quarto triplo com sacada &#8211; 03<\/a>\n\n<\/h2>\n\n<p>Esta es la RESUMEN de la hermosa habitaci\u00f3n &#8220;Quarto triplo com sacada &#8211; 03&#8221;<\/p>\n\n\n<h3 class=\"mphb-room-type-details-title\">Detalhes<\/h3><ul class=\"mphb-loop-room-type-attributes\">\n    <li class=\"mphb-room-type-total-capacity\"><span class=\"mphb-attribute-title mphb-total-capacity-title\">Convidados:<\/span><span class=\"mphb-attribute-value\">\n    3\n    <\/span><\/li>\n\n\n\n\n\t<li class=\"mphb-room-type-view\"><span class=\"mphb-attribute-title mphb-view-title\">Visualizar:<\/span><span class=\"mphb-attribute-value\">\n\tJardim\n\t<\/span><\/li>\n\n\n\n\n\t<li class=\"mphb-room-type-bed-type\"><span  class=\"mphb-attribute-title mphb-bed-type-title\">Tipo de Cama:<\/span><span class=\"mphb-attribute-value\">\n\tQUEEN + SINGLE\n\t<\/span><\/li>\n\n\n\n\t<li class=\"mphb-room-type-facilities\"><span class=\"mphb-attribute-title mphb-facilities-title\">Comodidades:<\/span><span class=\"mphb-attribute-value\"> <span class=\"facility-ar-condicionado\"><a href=\"https:\/\/hotelliberdade.com\/?mphb_room_type_facility=ar-condicionado\">Ar-condicionado<\/a><\/span>, <span class=\"facility-cafe-da-amanha\"><a href=\"https:\/\/hotelliberdade.com\/?mphb_room_type_facility=cafe-da-amanha\">Caf\u00e9 da manh\u00e3 incluso<\/a><\/span>, <span class=\"facility-estacionamento-incluso\"><a href=\"https:\/\/hotelliberdade.com\/?mphb_room_type_facility=estacionamento-incluso\">Estacionamento incluso<\/a><\/span>, <span class=\"facility-idiomas-falados-portugues-espanhol-ingles-alemao\"><a href=\"https:\/\/hotelliberdade.com\/?mphb_room_type_facility=idiomas-falados-portugues-espanhol-ingles-alemao\">Idiomas: Portugu\u00eas Espanhol Ingl\u00eas Alem\u00e3o<\/a><\/span>, <span class=\"facility-jardim\"><a href=\"https:\/\/hotelliberdade.com\/?mphb_room_type_facility=jardim\">Jardim<\/a><\/span>, <span class=\"facility-servico-de-limpeza-diario\"><a href=\"https:\/\/hotelliberdade.com\/?mphb_room_type_facility=servico-de-limpeza-diario\">Servi\u00e7o de limpeza di\u00e1rio<\/a><\/span>, <span class=\"facility-ventilador-de-teto\"><a href=\"https:\/\/hotelliberdade.com\/?mphb_room_type_facility=ventilador-de-teto\">Ventilador de teto<\/a><\/span>, <span class=\"facility-wifi\"><a href=\"https:\/\/hotelliberdade.com\/?mphb_room_type_facility=wifi\">Wifi de alta velocidade<\/a><\/span><\/span><\/li>\n\n<\/ul>                    <\/div>\r\n                                    <div class=\"room-booking-details\">\r\n                        \n\n<div class=\"mphb-to-book-btn-wrapper\">\n<form action=\"https:\/\/hotelliberdade.com\/?mphb_room_type=quarto-triplo-com-sacada-03#booking-form-334\" method=\"get\" ><input type=\"hidden\" name=\"mphb_room_type\" value=\"quarto-triplo-com-sacada-03\" \/><button type=\"submit\" class=\"button mphb-book-button\" >Reservar<\/button><\/form>\n<br\/><\/div>\n<p class=\"mphb-view-details-button-wrapper\">\n<a class=\"button mphb-view-details-button\" href=\"https:\/\/hotelliberdade.com\/?mphb_room_type=quarto-triplo-com-sacada-03\" >Ver Detalhes<\/a>\n<\/p>                    <\/div>\r\n                            <\/div>\r\n        <\/div>\r\n    \r\n    \r\n<\/div>\r\n\r\n\r\n<div class=\"mphb-room-type post-332 mphb_room_type type-mphb_room_type status-publish has-post-thumbnail mphb_room_type_facility-ar-condicionado mphb_room_type_facility-cafe-da-amanha mphb_room_type_facility-estacionamento-incluso mphb_room_type_facility-idiomas-falados-portugues-espanhol-ingles-alemao mphb_room_type_facility-jardim mphb_room_type_facility-servico-de-limpeza-diario mphb_room_type_facility-ventilador-de-teto mphb_room_type_facility-wifi mphb-room-type-adults-3 mphb-room-type-children-1 \">\r\n\r\n                <div class=\"room-images-wrapper\">\r\n            \n\n\t<div class=\"mphb-room-type-images\">\n\t<div id='mphb-flexslider-gallery-7' class='gallery-columns-1 gallery-size-luviana-square mphb-gallery-main-slider mphb-flexslider-gallery-wrapper mphb-room-type-gallery-wrapper mphb-gallery-main-slider-69f5ba95a3044' data-flexslider-atts='{\"animation\":\"slide\",\"controlNav\":false,\"animationLoop\":true,\"smoothHeight\":true,\"slideshow\":false}' data-group='69f5ba95a3044'><ul class=\"slides\"><li class='gallery-item'><span class='gallery-icon landscape'>\n\t\t\t\t<a href=\"https:\/\/hotelliberdade.com\/?mphb_room_type=quarto-triplo-com-sacada-02\"><img loading=\"lazy\" decoding=\"async\" width=\"992\" height=\"992\" src=\"https:\/\/hotelliberdade.com\/wp-content\/uploads\/2022\/02\/MRK00512_blended_manual_01-992x992.jpg\" class=\"attachment-luviana-square size-luviana-square\" alt=\"\" srcset=\"https:\/\/hotelliberdade.com\/wp-content\/uploads\/2022\/02\/MRK00512_blended_manual_01-992x992.jpg 992w, https:\/\/hotelliberdade.com\/wp-content\/uploads\/2022\/02\/MRK00512_blended_manual_01-150x150.jpg 150w, https:\/\/hotelliberdade.com\/wp-content\/uploads\/2022\/02\/MRK00512_blended_manual_01-300x300.jpg 300w, https:\/\/hotelliberdade.com\/wp-content\/uploads\/2022\/02\/MRK00512_blended_manual_01-100x100.jpg 100w\" sizes=\"auto, (max-width: 992px) 100vw, 992px\" \/><\/a>\n\t\t\t<\/span><\/li><li class='gallery-item'><span class='gallery-icon landscape'>\n\t\t\t\t<a href=\"https:\/\/hotelliberdade.com\/?mphb_room_type=quarto-triplo-com-sacada-02\"><img loading=\"lazy\" decoding=\"async\" width=\"992\" height=\"992\" src=\"https:\/\/hotelliberdade.com\/wp-content\/uploads\/2022\/02\/MRK00565-992x992.jpg\" class=\"attachment-luviana-square size-luviana-square\" alt=\"\" srcset=\"https:\/\/hotelliberdade.com\/wp-content\/uploads\/2022\/02\/MRK00565-992x992.jpg 992w, https:\/\/hotelliberdade.com\/wp-content\/uploads\/2022\/02\/MRK00565-150x150.jpg 150w, https:\/\/hotelliberdade.com\/wp-content\/uploads\/2022\/02\/MRK00565-300x300.jpg 300w, https:\/\/hotelliberdade.com\/wp-content\/uploads\/2022\/02\/MRK00565-100x100.jpg 100w\" sizes=\"auto, (max-width: 992px) 100vw, 992px\" \/><\/a>\n\t\t\t<\/span><\/li><li class='gallery-item'><span class='gallery-icon landscape'>\n\t\t\t\t<a href=\"https:\/\/hotelliberdade.com\/?mphb_room_type=quarto-triplo-com-sacada-02\"><img loading=\"lazy\" decoding=\"async\" width=\"992\" height=\"992\" src=\"https:\/\/hotelliberdade.com\/wp-content\/uploads\/2022\/02\/MRK00583_MODIFICADO-992x992.jpg\" class=\"attachment-luviana-square size-luviana-square\" alt=\"\" srcset=\"https:\/\/hotelliberdade.com\/wp-content\/uploads\/2022\/02\/MRK00583_MODIFICADO-992x992.jpg 992w, https:\/\/hotelliberdade.com\/wp-content\/uploads\/2022\/02\/MRK00583_MODIFICADO-150x150.jpg 150w, https:\/\/hotelliberdade.com\/wp-content\/uploads\/2022\/02\/MRK00583_MODIFICADO-300x300.jpg 300w, https:\/\/hotelliberdade.com\/wp-content\/uploads\/2022\/02\/MRK00583_MODIFICADO-100x100.jpg 100w\" sizes=\"auto, (max-width: 992px) 100vw, 992px\" \/><\/a>\n\t\t\t<\/span><\/li><li class='gallery-item'><span class='gallery-icon landscape'>\n\t\t\t\t<a href=\"https:\/\/hotelliberdade.com\/?mphb_room_type=quarto-triplo-com-sacada-02\"><img loading=\"lazy\" decoding=\"async\" width=\"992\" height=\"992\" src=\"https:\/\/hotelliberdade.com\/wp-content\/uploads\/2022\/02\/MRK00573-modificado-992x992.jpg\" class=\"attachment-luviana-square size-luviana-square\" alt=\"\" srcset=\"https:\/\/hotelliberdade.com\/wp-content\/uploads\/2022\/02\/MRK00573-modificado-992x992.jpg 992w, https:\/\/hotelliberdade.com\/wp-content\/uploads\/2022\/02\/MRK00573-modificado-150x150.jpg 150w, https:\/\/hotelliberdade.com\/wp-content\/uploads\/2022\/02\/MRK00573-modificado-300x300.jpg 300w, https:\/\/hotelliberdade.com\/wp-content\/uploads\/2022\/02\/MRK00573-modificado-100x100.jpg 100w\" sizes=\"auto, (max-width: 992px) 100vw, 992px\" \/><\/a>\n\t\t\t<\/span><\/li><\/ul>\n\t\t<\/div>\n\n\t<\/div>\n        <\/div>\r\n                <div class=\"room-description-wrapper\">\r\n            <div class=\"room-description-inner-wrapper\">\r\n                                    <div class=\"room-details\">\r\n                        \n<h2 class=\"mphb-room-type-title entry-title\">\n\n<a class=\"mphb-room-type-title\" href=\"https:\/\/hotelliberdade.com\/?mphb_room_type=quarto-triplo-com-sacada-02\">Quarto triplo com sacada &#8211; 02<\/a>\n\n<\/h2>\n\n<p>Esta es RESUMEN de la hermosa habitaci\u00f3n &#8220;Quarto triplo com sacada &#8211; 02&#8221;<\/p>\n\n\n<h3 class=\"mphb-room-type-details-title\">Detalhes<\/h3><ul class=\"mphb-loop-room-type-attributes\">\n    <li class=\"mphb-room-type-total-capacity\"><span class=\"mphb-attribute-title mphb-total-capacity-title\">Convidados:<\/span><span class=\"mphb-attribute-value\">\n    3\n    <\/span><\/li>\n\n\n\n\n\t<li class=\"mphb-room-type-view\"><span class=\"mphb-attribute-title mphb-view-title\">Visualizar:<\/span><span class=\"mphb-attribute-value\">\n\tJardim\n\t<\/span><\/li>\n\n\n\n\n\t<li class=\"mphb-room-type-bed-type\"><span  class=\"mphb-attribute-title mphb-bed-type-title\">Tipo de Cama:<\/span><span class=\"mphb-attribute-value\">\n\tQUEEN + SINGLE\n\t<\/span><\/li>\n\n\n\n\t<li class=\"mphb-room-type-facilities\"><span class=\"mphb-attribute-title mphb-facilities-title\">Comodidades:<\/span><span class=\"mphb-attribute-value\"> <span class=\"facility-ar-condicionado\"><a href=\"https:\/\/hotelliberdade.com\/?mphb_room_type_facility=ar-condicionado\">Ar-condicionado<\/a><\/span>, <span class=\"facility-cafe-da-amanha\"><a href=\"https:\/\/hotelliberdade.com\/?mphb_room_type_facility=cafe-da-amanha\">Caf\u00e9 da manh\u00e3 incluso<\/a><\/span>, <span class=\"facility-estacionamento-incluso\"><a href=\"https:\/\/hotelliberdade.com\/?mphb_room_type_facility=estacionamento-incluso\">Estacionamento incluso<\/a><\/span>, <span class=\"facility-idiomas-falados-portugues-espanhol-ingles-alemao\"><a href=\"https:\/\/hotelliberdade.com\/?mphb_room_type_facility=idiomas-falados-portugues-espanhol-ingles-alemao\">Idiomas: Portugu\u00eas Espanhol Ingl\u00eas Alem\u00e3o<\/a><\/span>, <span class=\"facility-jardim\"><a href=\"https:\/\/hotelliberdade.com\/?mphb_room_type_facility=jardim\">Jardim<\/a><\/span>, <span class=\"facility-servico-de-limpeza-diario\"><a href=\"https:\/\/hotelliberdade.com\/?mphb_room_type_facility=servico-de-limpeza-diario\">Servi\u00e7o de limpeza di\u00e1rio<\/a><\/span>, <span class=\"facility-ventilador-de-teto\"><a href=\"https:\/\/hotelliberdade.com\/?mphb_room_type_facility=ventilador-de-teto\">Ventilador de teto<\/a><\/span>, <span class=\"facility-wifi\"><a href=\"https:\/\/hotelliberdade.com\/?mphb_room_type_facility=wifi\">Wifi de alta velocidade<\/a><\/span><\/span><\/li>\n\n<\/ul>                    <\/div>\r\n                                    <div class=\"room-booking-details\">\r\n                        \n\n<div class=\"mphb-to-book-btn-wrapper\">\n<form action=\"https:\/\/hotelliberdade.com\/?mphb_room_type=quarto-triplo-com-sacada-02#booking-form-332\" method=\"get\" ><input type=\"hidden\" name=\"mphb_room_type\" value=\"quarto-triplo-com-sacada-02\" \/><button type=\"submit\" class=\"button mphb-book-button\" >Reservar<\/button><\/form>\n<br\/><\/div>\n<p class=\"mphb-view-details-button-wrapper\">\n<a class=\"button mphb-view-details-button\" href=\"https:\/\/hotelliberdade.com\/?mphb_room_type=quarto-triplo-com-sacada-02\" >Ver Detalhes<\/a>\n<\/p>                    <\/div>\r\n                            <\/div>\r\n        <\/div>\r\n    \r\n    \r\n<\/div>\r\n\r\n\r\n<div class=\"mphb-room-type post-327 mphb_room_type type-mphb_room_type status-publish has-post-thumbnail mphb_room_type_facility-ar-condicionado mphb_room_type_facility-cafe-da-amanha mphb_room_type_facility-estacionamento-incluso mphb_room_type_facility-idiomas-falados-portugues-espanhol-ingles-alemao mphb_room_type_facility-jardim mphb_room_type_facility-servico-de-limpeza-diario mphb_room_type_facility-ventilador-de-teto mphb_room_type_facility-wifi mphb-room-type-adults-3 mphb-room-type-children-1 \">\r\n\r\n                <div class=\"room-images-wrapper\">\r\n            \n\n\t<div class=\"mphb-room-type-images\">\n\t<div id='mphb-flexslider-gallery-8' class='gallery-columns-1 gallery-size-luviana-square mphb-gallery-main-slider mphb-flexslider-gallery-wrapper mphb-room-type-gallery-wrapper mphb-gallery-main-slider-69f5ba95a4a15' data-flexslider-atts='{\"animation\":\"slide\",\"controlNav\":false,\"animationLoop\":true,\"smoothHeight\":true,\"slideshow\":false}' data-group='69f5ba95a4a15'><ul class=\"slides\"><li class='gallery-item'><span class='gallery-icon landscape'>\n\t\t\t\t<a href=\"https:\/\/hotelliberdade.com\/?mphb_room_type=quarto-triplo-com-sacada-01\"><img loading=\"lazy\" decoding=\"async\" width=\"992\" height=\"992\" src=\"https:\/\/hotelliberdade.com\/wp-content\/uploads\/2022\/02\/MRK00600_blended_manual_02-992x992.jpg\" class=\"attachment-luviana-square size-luviana-square\" alt=\"\" srcset=\"https:\/\/hotelliberdade.com\/wp-content\/uploads\/2022\/02\/MRK00600_blended_manual_02-992x992.jpg 992w, https:\/\/hotelliberdade.com\/wp-content\/uploads\/2022\/02\/MRK00600_blended_manual_02-150x150.jpg 150w, https:\/\/hotelliberdade.com\/wp-content\/uploads\/2022\/02\/MRK00600_blended_manual_02-300x300.jpg 300w, https:\/\/hotelliberdade.com\/wp-content\/uploads\/2022\/02\/MRK00600_blended_manual_02-100x100.jpg 100w\" sizes=\"auto, (max-width: 992px) 100vw, 992px\" \/><\/a>\n\t\t\t<\/span><\/li><li class='gallery-item'><span class='gallery-icon landscape'>\n\t\t\t\t<a href=\"https:\/\/hotelliberdade.com\/?mphb_room_type=quarto-triplo-com-sacada-01\"><img loading=\"lazy\" decoding=\"async\" width=\"992\" height=\"992\" src=\"https:\/\/hotelliberdade.com\/wp-content\/uploads\/2022\/02\/MRK00647-992x992.jpg\" class=\"attachment-luviana-square size-luviana-square\" alt=\"\" srcset=\"https:\/\/hotelliberdade.com\/wp-content\/uploads\/2022\/02\/MRK00647-992x992.jpg 992w, https:\/\/hotelliberdade.com\/wp-content\/uploads\/2022\/02\/MRK00647-150x150.jpg 150w, https:\/\/hotelliberdade.com\/wp-content\/uploads\/2022\/02\/MRK00647-300x300.jpg 300w, https:\/\/hotelliberdade.com\/wp-content\/uploads\/2022\/02\/MRK00647-100x100.jpg 100w\" sizes=\"auto, (max-width: 992px) 100vw, 992px\" \/><\/a>\n\t\t\t<\/span><\/li><li class='gallery-item'><span class='gallery-icon landscape'>\n\t\t\t\t<a href=\"https:\/\/hotelliberdade.com\/?mphb_room_type=quarto-triplo-com-sacada-01\"><img loading=\"lazy\" decoding=\"async\" width=\"992\" height=\"992\" src=\"https:\/\/hotelliberdade.com\/wp-content\/uploads\/2022\/02\/MRK00628_brillo_aumentado-992x992.jpg\" class=\"attachment-luviana-square size-luviana-square\" alt=\"\" srcset=\"https:\/\/hotelliberdade.com\/wp-content\/uploads\/2022\/02\/MRK00628_brillo_aumentado-992x992.jpg 992w, https:\/\/hotelliberdade.com\/wp-content\/uploads\/2022\/02\/MRK00628_brillo_aumentado-150x150.jpg 150w, https:\/\/hotelliberdade.com\/wp-content\/uploads\/2022\/02\/MRK00628_brillo_aumentado-300x300.jpg 300w, https:\/\/hotelliberdade.com\/wp-content\/uploads\/2022\/02\/MRK00628_brillo_aumentado-100x100.jpg 100w\" sizes=\"auto, (max-width: 992px) 100vw, 992px\" \/><\/a>\n\t\t\t<\/span><\/li><\/ul>\n\t\t<\/div>\n\n\t<\/div>\n        <\/div>\r\n                <div class=\"room-description-wrapper\">\r\n            <div class=\"room-description-inner-wrapper\">\r\n                                    <div class=\"room-details\">\r\n                        \n<h2 class=\"mphb-room-type-title entry-title\">\n\n<a class=\"mphb-room-type-title\" href=\"https:\/\/hotelliberdade.com\/?mphb_room_type=quarto-triplo-com-sacada-01\">Quarto triplo com sacada &#8211; 01<\/a>\n\n<\/h2>\n\n<p>&#8220;Quarto triplo com sacada &#8211; 01&#8221;<\/p>\n\n\n<h3 class=\"mphb-room-type-details-title\">Detalhes<\/h3><ul class=\"mphb-loop-room-type-attributes\">\n    <li class=\"mphb-room-type-total-capacity\"><span class=\"mphb-attribute-title mphb-total-capacity-title\">Convidados:<\/span><span class=\"mphb-attribute-value\">\n    3\n    <\/span><\/li>\n\n\n\n\n\t<li class=\"mphb-room-type-view\"><span class=\"mphb-attribute-title mphb-view-title\">Visualizar:<\/span><span class=\"mphb-attribute-value\">\n\tJardim\n\t<\/span><\/li>\n\n\n\n\n\t<li class=\"mphb-room-type-bed-type\"><span  class=\"mphb-attribute-title mphb-bed-type-title\">Tipo de Cama:<\/span><span class=\"mphb-attribute-value\">\n\tQUEEN + SINGLE\n\t<\/span><\/li>\n\n\n\n\t<li class=\"mphb-room-type-facilities\"><span class=\"mphb-attribute-title mphb-facilities-title\">Comodidades:<\/span><span class=\"mphb-attribute-value\"> <span class=\"facility-ar-condicionado\"><a href=\"https:\/\/hotelliberdade.com\/?mphb_room_type_facility=ar-condicionado\">Ar-condicionado<\/a><\/span>, <span class=\"facility-cafe-da-amanha\"><a href=\"https:\/\/hotelliberdade.com\/?mphb_room_type_facility=cafe-da-amanha\">Caf\u00e9 da manh\u00e3 incluso<\/a><\/span>, <span class=\"facility-estacionamento-incluso\"><a href=\"https:\/\/hotelliberdade.com\/?mphb_room_type_facility=estacionamento-incluso\">Estacionamento incluso<\/a><\/span>, <span class=\"facility-idiomas-falados-portugues-espanhol-ingles-alemao\"><a href=\"https:\/\/hotelliberdade.com\/?mphb_room_type_facility=idiomas-falados-portugues-espanhol-ingles-alemao\">Idiomas: Portugu\u00eas Espanhol Ingl\u00eas Alem\u00e3o<\/a><\/span>, <span class=\"facility-jardim\"><a href=\"https:\/\/hotelliberdade.com\/?mphb_room_type_facility=jardim\">Jardim<\/a><\/span>, <span class=\"facility-servico-de-limpeza-diario\"><a href=\"https:\/\/hotelliberdade.com\/?mphb_room_type_facility=servico-de-limpeza-diario\">Servi\u00e7o de limpeza di\u00e1rio<\/a><\/span>, <span class=\"facility-ventilador-de-teto\"><a href=\"https:\/\/hotelliberdade.com\/?mphb_room_type_facility=ventilador-de-teto\">Ventilador de teto<\/a><\/span>, <span class=\"facility-wifi\"><a href=\"https:\/\/hotelliberdade.com\/?mphb_room_type_facility=wifi\">Wifi de alta velocidade<\/a><\/span><\/span><\/li>\n\n<\/ul>                    <\/div>\r\n                                    <div class=\"room-booking-details\">\r\n                        \n\n<div class=\"mphb-to-book-btn-wrapper\">\n<form action=\"https:\/\/hotelliberdade.com\/?mphb_room_type=quarto-triplo-com-sacada-01#booking-form-327\" method=\"get\" ><input type=\"hidden\" name=\"mphb_room_type\" value=\"quarto-triplo-com-sacada-01\" \/><button type=\"submit\" class=\"button mphb-book-button\" >Reservar<\/button><\/form>\n<br\/><\/div>\n<p class=\"mphb-view-details-button-wrapper\">\n<a class=\"button mphb-view-details-button\" href=\"https:\/\/hotelliberdade.com\/?mphb_room_type=quarto-triplo-com-sacada-01\" >Ver Detalhes<\/a>\n<\/p>                    <\/div>\r\n                            <\/div>\r\n        <\/div>\r\n    \r\n    \r\n<\/div>\r\n\r\n\t<\/div>\r\n\t<\/div>\n\n\n\n<p><\/p>\n","protected":false},"excerpt":{"rendered":"","protected":false},"author":1,"featured_media":0,"parent":205,"menu_order":0,"comment_status":"closed","ping_status":"closed","template":"","meta":{"inline_featured_image":false,"footnotes":""},"class_list":["post-227","page","type-page","status-publish","hentry"],"_links":{"self":[{"href":"https:\/\/hotelliberdade.com\/index.php?rest_route=\/wp\/v2\/pages\/227","targetHints":{"allow":["GET"]}}],"collection":[{"href":"https:\/\/hotelliberdade.com\/index.php?rest_route=\/wp\/v2\/pages"}],"about":[{"href":"https:\/\/hotelliberdade.com\/index.php?rest_route=\/wp\/v2\/types\/page"}],"author":[{"embeddable":true,"href":"https:\/\/hotelliberdade.com\/index.php?rest_route=\/wp\/v2\/users\/1"}],"replies":[{"embeddable":true,"href":"https:\/\/hotelliberdade.com\/index.php?rest_route=%2Fwp%2Fv2%2Fcomments&post=227"}],"version-history":[{"count":7,"href":"https:\/\/hotelliberdade.com\/index.php?rest_route=\/wp\/v2\/pages\/227\/revisions"}],"predecessor-version":[{"id":378,"href":"https:\/\/hotelliberdade.com\/index.php?rest_route=\/wp\/v2\/pages\/227\/revisions\/378"}],"up":[{"embeddable":true,"href":"https:\/\/hotelliberdade.com\/index.php?rest_route=\/wp\/v2\/pages\/205"}],"wp:attachment":[{"href":"https:\/\/hotelliberdade.com\/index.php?rest_route=%2Fwp%2Fv2%2Fmedia&parent=227"}],"curies":[{"name":"wp","href":"https:\/\/api.w.org\/{rel}","templated":true}]}}